{"id":5578,"date":"2021-07-12T13:55:40","date_gmt":"2021-07-12T11:55:40","guid":{"rendered":"https:\/\/www.old.jona-technology.sk\/zasady-ochrany-osobnych-udajov\/"},"modified":"2023-04-17T16:40:39","modified_gmt":"2023-04-17T14:40:39","slug":"zasady-ochrany-osobnych-udajov","status":"publish","type":"page","link":"https:\/\/old.jona-technology.sk\/de\/zasady-ochrany-osobnych-udajov\/","title":{"rendered":"Informationen \u00fcber die Verarbeitung personenbezogener Daten"},"content":{"rendered":"\t\t<div data-elementor-type=\"wp-page\" data-elementor-id=\"5578\" class=\"elementor elementor-5578\">\n\t\t\t\t\t\t\t\t\t<section class=\"elementor-section elementor-top-section elementor-element elementor-element-71ff76dc elementor-section-boxed elementor-section-height-default elementor-section-height-default\" data-id=\"71ff76dc\" data-element_type=\"section\" data-settings=\"{&quot;background_background&quot;:&quot;classic&quot;,&quot;_ha_eqh_enable&quot;:false}\">\n\t\t\t\t\t\t\t<div class=\"elementor-background-overlay\"><\/div>\n\t\t\t\t\t\t\t<div class=\"elementor-container elementor-column-gap-no\">\n\t\t\t\t\t<div class=\"elementor-column elementor-col-100 elementor-top-column elementor-element elementor-element-134fc3bc\" data-id=\"134fc3bc\" data-element_type=\"column\">\n\t\t\t<div class=\"elementor-widget-wrap elementor-element-populated\">\n\t\t\t\t\t\t\t\t<div class=\"elementor-element elementor-element-4b0f9977 elementor-widget elementor-widget-heading\" data-id=\"4b0f9977\" data-element_type=\"widget\" data-widget_type=\"heading.default\">\n\t\t\t\t<div class=\"elementor-widget-container\">\n\t\t\t<h1 class=\"elementor-heading-title elementor-size-default\">Informationen \u00fcber die Verarbeitung personenbezogener Daten<\/h1>\t\t<\/div>\n\t\t\t\t<\/div>\n\t\t\t\t\t<\/div>\n\t\t<\/div>\n\t\t\t\t\t\t\t<\/div>\n\t\t<\/section>\n\t\t\t\t<section class=\"elementor-section elementor-top-section elementor-element elementor-element-040aa49 elementor-section-boxed elementor-section-height-default elementor-section-height-default elementor-invisible\" data-id=\"040aa49\" data-element_type=\"section\" data-settings=\"{&quot;animation&quot;:&quot;fadeInLeft&quot;,&quot;_ha_eqh_enable&quot;:false}\">\n\t\t\t\t\t\t<div class=\"elementor-container elementor-column-gap-default\">\n\t\t\t\t\t<div class=\"elementor-column elementor-col-100 elementor-top-column elementor-element elementor-element-9402228\" data-id=\"9402228\" data-element_type=\"column\" data-settings=\"{&quot;background_background&quot;:&quot;classic&quot;}\">\n\t\t\t<div class=\"elementor-widget-wrap elementor-element-populated\">\n\t\t\t\t\t\t\t\t<section class=\"elementor-section elementor-inner-section elementor-element elementor-element-229e3d8 elementor-section-boxed elementor-section-height-default elementor-section-height-default\" data-id=\"229e3d8\" data-element_type=\"section\" data-settings=\"{&quot;_ha_eqh_enable&quot;:false}\">\n\t\t\t\t\t\t<div class=\"elementor-container elementor-column-gap-default\">\n\t\t\t\t\t<div class=\"elementor-column elementor-col-100 elementor-inner-column elementor-element elementor-element-aee5cd7\" data-id=\"aee5cd7\" data-element_type=\"column\">\n\t\t\t<div class=\"elementor-widget-wrap elementor-element-populated\">\n\t\t\t\t\t\t\t\t<div class=\"elementor-element elementor-element-7f78154 elementor-widget elementor-widget-text-editor\" data-id=\"7f78154\" data-element_type=\"widget\" data-widget_type=\"text-editor.default\">\n\t\t\t\t<div class=\"elementor-widget-container\">\n\t\t\t\t\t\t\t<p>Bevor Sie uns personenbezogene Daten zur Verf\u00fcgung stellen, lesen Sie bitte diese Information \u00fcber die Verarbeitung Ihrer personenbezogenen Daten gem\u00e4\u00df den Artikeln 12-14 der Verordnung (EU) 2016\/679 zum Schutz nat\u00fcrlicher Personen bei der Verarbeitung personenbezogener Daten und zum freien Datenverkehr (im Folgenden \u201e<strong>Verordnung<\/strong>\u201c) und der \u00a7 19 und 20 des Gesetzes 18\/2018 Slg. zum Schutz der personenbezogenen Daten.<\/p><ol><li><strong>Wer sind wir und wo k\u00f6nnen Sie uns finden? <\/strong><\/li><\/ol><p>Ihre personenbezogenen Daten verarbeitet der Betreiber JONA s.r.o., mit Sitz: Tatransk\u00e1 364, 059 92 Huncovce, IdNr:\u00a0\u00a0\u00a0\u00a0\u00a0\u00a0\u00a0\u00a0\u00a0 45882771, die Gesellschaft ist im Handelsregister des Kreisgerichts Pre\u0161ov, Abschnitt: Sro, Blatt-Nr. 23622\/P eingetragen (im Folgenden als \u201eUnternehmen\u201c oder \u201ewir\u201c bezeichnet). Wenn Sie Fragen zu personenbezogenen Daten haben, k\u00f6nnen Sie sich per E-Mail an uns wenden:<\/p><ol><li><strong>Informationen f\u00fcr verschiedene Kategorien von betroffenen Personen und Zwecke der Verarbeitung <\/strong><\/li><\/ol><p>Nachstehend finden Sie Informationen zu jedem Verarbeitungszweck und zu jeder betroffenen Person. F\u00fcr genauere Informationen klicken Sie bitte auf den f\u00fcr Sie zutreffenden Verweis.<\/p><p><strong>\u00a0<\/strong><\/p><ol start=\"3\"><li><strong>Vertragspartner und potentielle Vertragspartner des Unternehmens, Organmitglieder und Ansprechpartner der Vertragspartner<\/strong><\/li><\/ol><p><strong>Betroffene Personen: <\/strong>Betroffene Personen sind nat\u00fcrliche Personen, die Vertragspartner des Unternehmens oder Mitglieder der gesetzlichen Organe der Vertragspartner und deren Kontaktpersonen oder die potentielle Vertragspartner sind und vor Vertragsschluss mit dem Unternehmen in Kontakt getreten sind oder mit denen das Unternehmen voraus vor dem Vertragsschluss Kontakt aufgenommen hat.<\/p><p><strong>Welche Daten verarbeiten wir zu welchen Zwecken auf welcher Rechtsgrundlage und wie lange:<\/strong><\/p><p><strong>Datenkategorien: <\/strong>Vor- und Nachname, Anrede, Kontaktdaten, Daten zur Position, Daten aus Vertrags-, Zahlungs- oder Buchhaltungsunterlagen (Bankdaten, Daten zu gelieferten oder zur\u00fcckgenommenen Produkten oder Dienstleistungen).<\/p><p><strong>Zweck: <\/strong>Wir verarbeiten personenbezogene Daten von Vertragspartnern und potentiellen Vertragspartnern \u2013 nat\u00fcrlichen Personen sowie Organmitgliedern der Vertragspartner und deren Ansprechpartnern zu folgenden Zwecken:<\/p><ol><li>Zum Zwecke der Vorbereitung (daher hinaus z.B. zur Bereitstellung des angeforderten Preisangebots oder der Produktinformation), des Abschlusses und der Erf\u00fcllung des Vertrages mit dem Vertragspartner, einschlie\u00dflich der \u00fcber das Kontaktformular auf der Website des Unternehmens \u00fcbermittelten Daten<\/li><li>Erf\u00fcllung gesetzlicher Pflichten (insbesondere nach dem Rechnungslegungsgesetz, dem Einkommensteuergesetz und dem Archivgesetz und anderen Rechtsvorschriften)<\/li><li>Pr\u00fcfung der Berechtigung zur Vertretung des Vertragspartners und Kontaktaufnahme mit dem Vertragspartner bez\u00fcglich personenbezogener Daten von Personen, die im Auftrag unserer Vertragspartner (Statuten, Gesch\u00e4ftsf\u00fchrer) handeln oder nach unseren Vertr\u00e4gen deren Ansprechpartner im Rahmen des Vertrages zur Erf\u00fcllung vertraglicher Pflichten sind. Kontaktaufnahme mit den Vertragspartnern und Registrierung von Dokumenten, auf denen deren Daten gem\u00e4\u00df den gesetzlichen Bestimmungen angegeben sind.<\/li><li>Soweit erforderlich, um Rechtsanspr\u00fcche des Unternehmens geltend zu machen, zu beweisen oder zu verteidigen.<\/li><\/ol><p><strong>Die Rechtsgrundlage <\/strong>ist f\u00fcr den Zweck<\/p><ol><li>Artikel 6. Absatz 1. Buchstabe b) Vorschriften, d. h. Verarbeitung, zur Erf\u00fcllung des Vertrages, dessen Vertragspartei die betroffene Person ist, erforderlich sei oder dass auf Wunsch der betroffenen Person vorvertragliche Ma\u00dfnahmen bei einem nat\u00fcrlichen Partner ergriffen werden;<\/li><li>Artikel 6. Absatz 1. Buchstabe c) Vorschriften, d. h. gesetzliche Verpflichtung des Betreibers in F\u00e4llen, in denen das Gesetz die Pflicht zur Aufzeichnung oder Anzeige der Dokumente vorschreibt, auf denen seine personenbezogenen Daten aufgef\u00fchrt sind, insbesondere das Einkommensteuergesetz und das Rechnungslegungsgesetz;<\/li><li>Artikel 6. Absatz 1. Buchstabe f) Vorschriften, d. h. berechtigte Interesse des Unternehmens an der Erf\u00fcllung vertraglicher und gesetzlicher Pflichten oder an der Kontaktaufnahme mit Vertragspartnern durch einen Ansprechpartner, \u00fcber personenbezogene Daten nat\u00fcrlicher Personen, die im Auftrag des Vertragspartners handeln oder seine Ansprechpartner bei Verhandlungen, Vorbereitungen oder Erf\u00fcllung des Vertrages sind, und<\/li><li>Artikel 6. Absatz 1. Buchstabe f) Verordnung \u2013 berechtigte Interesse des Unternehmens \u2013 Geltendmachung, Nachweis und Verteidigung von Rechtsanspr\u00fcchen bei Daten, die zur Geltendmachung, Nachweisung und Verteidigung von Rechtsanspr\u00fcchen erforderlich sind.<\/li><\/ol><p><strong>Bearbeitungszeit: <\/strong>Zum Zwecke der Vertragsabwicklung speichern wir personenbezogene Daten maximal 1 Jahr ab deren Erhebung, sofern der Vertrag nicht zustande gekommen ist. Die Personenbezogenen Daten, die im Vertrag angegeben sind und\/oder zu Zwecken der Vertragserf\u00fcllung, im Zusammenhang mit dem Vertrag oder erforderlich zur Erf\u00fcllung gesetzlicher Pflichten notwendig sind, werden f\u00fcr die Dauer des Vertrages gespeichert. Nach Beendigung des Vertrages verarbeiten wir diese personenbezogenen Daten w\u00e4hrend der Verj\u00e4hrungsfrist von Anspr\u00fcchen (in der Regel sind es 4 Jahre) zum Zwecke der Verteidigung, des Nachweises und der Geltendmachung von Rechtsanspr\u00fcchen. Alternativ, wenn w\u00e4hrend eines solchen Zeitraums ein Verfahren \u00fcber Anspr\u00fcche oder Verpflichtungen des Unternehmens eingeleitet oder angedroht wurde, bis dieses Verfahren abgeschlossen ist und alle Anspr\u00fcche vollst\u00e4ndig erledigt sind. Personenbezogene Daten auf den Buchhaltungsbelegen oder Rechnungen und sonstigen registrierungs- oder archivierungspflichtigen Unterlagen und Papieren werden f\u00fcr die Dauer der Archivierung, bzw. Registrierung gespeichert. F\u00fcr die Daten auf den Buchhaltungsbelegen oder Rechnungen wird die Speicherfrist 5Jahre sein.<\/p><p><strong>Einspruch<\/strong><\/p><p>Die betroffenen Personen haben das Recht, der Verarbeitung ihrer personenbezogenen Daten zu den in den Punkten 3 und 4 genannten Zwecken zu widersprechen.<\/p><p><strong>Daten\u00fcbertragungen<\/strong><\/p><p>Wir \u00fcbermitteln keine personenbezogenen Daten au\u00dferhalb des Gebietes der Mitgliedstaaten der Europ\u00e4ischen Union oder einer internationalen Organisation<\/p><p><strong>Weitere Rechte<\/strong><\/p><p>Die betroffenen Personen haben weitere Rechte, die in Abschnitt 4 dieser Information aufgef\u00fchrt sind<\/p><p><strong>\u00a0<\/strong><\/p><ol start=\"4\"><li><strong>Personen, die ihre Rechte gem\u00e4\u00df der Verordnung ausge\u00fcbt haben <\/strong><\/li><\/ol><p><strong>\u00a0<\/strong><\/p><p><strong>Betroffene Personen: <\/strong>Betroffene Personen sind nat\u00fcrliche Personen, die einen Teil ihrer Rechte aus der Verordnung ausge\u00fcbt und sich zu diesem Zweck an das Unternehmen gewandt haben oder auch Personen, die dem Unternehmen seine Einwilligung zur Verarbeitung personenbezogener Daten zu einem der oben genannten Zwecke erteilt haben und dies sp\u00e4ter widerrufen haben.<\/p><p><strong>Welche Daten verarbeiten wir zu welchen Zwecken, auf welcher Rechtsgrundlage und wie lange:<\/strong><\/p><p><strong>Datenkategorien: <\/strong><\/p><p>Daten aus der Bewerbung des Betroffenen, Daten aus der Einwilligung und seiner\/ihrer Beschwerde, i.d.R. Kontaktdaten des Bewerbers<\/p><p>Die Personenbezogenen Daten werden zu folgenden Zwecken verarbeitet:<\/p><ol><li>Zur Erf\u00fcllung der Pflichten aus der Verordnung \u00fcber die Rechte der betroffenen Personen (Bearbeitung der Anfragen der betroffenen Person)<\/li><li>Zur Erf\u00fcllung der Pflichten aus der Verordnung und zum Nachweis des Vorliegens einer Einwilligung innerhalb einer bestimmten Frist bei widerrufener Einwilligung<\/li><li>Soweit dies zur Aus\u00fcbung, zum Nachweis oder zur Verteidigung von Rechtsanspr\u00fcchen des Unternehmens erforderlich ist.<\/li><\/ol><p><strong>Die Rechtsgrundlage <\/strong>ist f\u00fcr den Zweck<\/p><ol><li>Artikel 6 Absatz 1 Buchstabe (c) die gesetzliche Verpflichtung des Betreibers, die Anfragen der betroffenen Personen gem\u00e4\u00df Artikel 12 und folgender Verordnung zu bearbeiten<\/li><li>Artikel 6 Absatz 1 Buchstabe (c) eine rechtliche Verpflichtung zum Nachweis des Vorliegens von Einwilligungen und zur Erf\u00fcllung anderer Verpflichtungen gem\u00e4\u00df Artikel 24 der Verordnung<\/li><li>Artikel 6 Absatz 1 Buchstabe f) Regelung des berechtigten Interesses des Unternehmens \u2013 der Geltendmachung, des Nachweises und der Verteidigung von Rechtsanspr\u00fcchen bei Daten, die zum Zwecke der Geltendmachung, Verteidigung und des Nachweises von Rechtsanspr\u00fcchen erforderlich sind.<\/li><\/ol><p><strong>Bearbeitungszeit <\/strong>betr\u00e4gt 4 Jahre ab Bearbeitung des Antrags oder Widerruf der Einwilligung. Im Falle des Zwecks des Nachweises, der Abwehr und der Geltendmachung f\u00fcr die Dauer des Bestehens dieser Anspr\u00fcche bis zur vollst\u00e4ndigen Abwicklung.<\/p><p><strong>Einspruch<\/strong><\/p><p>Die betroffenen Personen haben das Recht, der Verarbeitung ihrer personenbezogenen Daten zu den in Punkt 3 genannten Zwecken zu widersprechen.<\/p><p><strong>Daten\u00fcbertragungen <\/strong><\/p><p>Wir \u00fcbermitteln keine personenbezogenen Daten au\u00dferhalb des Gebietes der Mitgliedstaaten der Europ\u00e4ischen Union oder einer internationalen Organisation<\/p><p><strong>Weitere Rechte<\/strong><\/p><p>Die betroffenen Personen haben weitere Rechte, die in Abschnitt 4 dieser Information aufgef\u00fchrt sind.<\/p><p><strong>\u00a0<\/strong><\/p><ol start=\"5\"><li><strong>Empf\u00e4nger von Marketingmitteilungen<\/strong><\/li><\/ol><p><strong>\u00a0<\/strong><\/p><p><strong>Betroffene Personen: <\/strong>Betroffene Personen sind nat\u00fcrliche Personen, die Kunde des Unternehmens oder eine Kontaktperson des Kunden sind oder waren oder sich in die E-Mail-Liste der Marketingkontakte des Unternehmens eingetragen haben (sie haben ihre Einwilligung zum Versand von Marketingmitteilungen erteilt).<\/p><p><strong>Welche Daten verarbeiten wir zu welchen Zwecken, auf welcher Rechtsgrundlage und wie lange:<\/strong><\/p><p><strong>Datenkategorien: <\/strong><\/p><p>Vor- und Nachname, E-Mail-Adresse oder Telefonnummer, Adresse<\/p><p>Wir verarbeiten personenbezogene Daten zu folgenden Zwecken:<\/p><ul><li>Versand von Marketingmitteilungen \u00fcber die Produkte und Aktivit\u00e4ten des Unternehmens, Versand von Angeboten<\/li><\/ul><p><strong>Die Rechtsgrundlage <\/strong>ist<\/p><ol><li>Artikel 6 Absatz 1 Buchstabe f) Vorschriften \u2013 berechtigtes Interesse des Unternehmens \u2013 Direktmarketing \u2013 f\u00fcr Kunden und Ansprechpartner von Kunden, die bereits Waren oder Dienstleistungen des Unternehmens gekauft haben<\/li><li>Artikel 6 Absatz 1 Buchstabe a) Einwilligung \u2013 bei freiwilliger Angabe personenbezogener Daten und Einwilligung zum Versand von Marketingmitteilungen (Newsletter) und Angeboten per E-Mail-Kommunikation<\/li><\/ol><p><strong>Verarbeitungszeitraum &#8211; <\/strong>f\u00fcr einen Zeitraum von 3 Jahren ab dem letzten Kauf im Falle eines berechtigten Interesses bis zum Widerruf der Einwilligung oder bis zum in der Einwilligung angegebenen Zeitraum im Falle einer Einwilligung.<\/p><p><strong>Einspruch<\/strong><\/p><p>Die betroffenen Personen haben das Recht, der Verarbeitung ihrer personenbezogenen Daten gem\u00e4\u00df der Rechtsgrundlage (berechtigtes Interesse) f\u00fcr Direktmarketing zu widersprechen.<\/p><p><strong>Daten\u00fcbertragungen <\/strong><\/p><p>Wir \u00fcbermitteln keine personenbezogenen Daten au\u00dferhalb des Gebietes der Mitgliedstaaten der Europ\u00e4ischen Union oder einer internationalen Organisation.<\/p><p><strong>Weitere Rechte<\/strong><\/p><p>Die betroffenen Personen haben weitere Rechte, die in Abschnitt 4 dieser Information aufgef\u00fchrt sind.<\/p><ol start=\"6\"><li><strong>Andere betroffene Personen<\/strong><\/li><\/ol><p>Wenn Sie keiner Kategorie angeh\u00f6ren oder sich nicht sicher sind, welcher Kategorie Sie angeh\u00f6ren und gleichzeitig der Ansicht sind, dass wir Ihre personenbezogenen Daten verarbeiten, kontaktieren Sie uns bitte per E-Mail unter <strong>info@jona-technology.com<\/strong><\/p><ol start=\"3\"><li><strong>Wiederspruch <\/strong><\/li><\/ol><p>In Bezug auf <u>Daten, die wir aufgrund eines berechtigten Interesses verarbeiten, haben Sie das Recht<\/u>, aus Gr\u00fcnden, die sich aus Ihrer besonderen Situation ergeben, <u>jederzeit der Verarbeitung dieser personenbezogenen Daten <strong>zu widersprechen<\/strong><\/u>. Im Falle der Direktmarketing-Verarbeitung haben Sie das Recht, jederzeit Widerspruch einzulegen. Sie k\u00f6nnen Ihre Rechte per E-Mail an <a href=\"mailto:info@jona-technology.com\"><strong>info@jona-technology.com<\/strong><\/a> oder per Post an unsere Adresse aus\u00fcben. Im Falle eines Widerspruchs gegen Direktmarketing wird dieser durch Abmeldung von der Liste, an die Marketingmitteilungen gesendet werden, an den in der E-Mail angeh\u00e4ngten Link durchgef\u00fchrt oder. SMS-Kommunikation.<\/p><ol start=\"4\"><li><strong>Ihre weitere Rechte<\/strong><\/li><\/ol><p><u>Zugangsrecht<\/u><\/p><p>Sie haben das Recht zu erfahren, welche Daten zu welchen Zwecken wir \u00fcber Sie verarbeiten und an wen wir sie weitergeben, sowie weitere Informationen (Zugangsrecht). Wenn Sie diese Informationen w\u00fcnschen oder eine Kopie der personenbezogenen Daten erhalten m\u00f6chten, die wir \u00fcber Sie gespeichert haben, kontaktieren Sie uns bitte unter der unten angegebenen Adresse. Bevor wir auf Ihre Anfrage antworten, k\u00f6nnen wir Sie bitten, Ihre Identit\u00e4t zu \u00fcberpr\u00fcfen und zus\u00e4tzliche Informationen zu Ihrer Anfrage bereitzustellen. Wir werden versuchen, innerhalb einer angemessenen Frist und in jedem Fall innerhalb der gesetzlich festgelegten Fristen zu antworten.<\/p><p><u>Recht auf Reparatur, Aktualisierung<\/u><\/p><p>Bei der Bereitstellung von Daten liegt es in Ihrer Verantwortung sicherzustellen, dass Sie wahrheitsgem\u00e4\u00dfe, genaue und vollst\u00e4ndige Informationen angeben und diese auf dem neuesten Stand halten. Sie k\u00f6nnen Ihre personenbezogenen Daten auch aktualisieren, indem Sie uns \u00fcber die untenstehenden Kontaktinformationen kontaktieren. Sie haben das Recht, von uns zu verlangen, dass wir Ihre Daten korrigieren, wenn sie falsch sind, oder sie vervollst\u00e4ndigen, wenn sie unvollst\u00e4ndig sind. Geben Sie in diesem Fall unbedingt Ihren Namen, Benutzernamen (sofern zutreffend) und Postleitzahl oder Vorname, Nachname und Geburtsdatum in Ihrer ersten Korrespondenz an, wenn es um Informationen die wir zum Zwecke der Bereitstellung der Dienste verarbeiten geht. Dies tr\u00e4gt dazu bei, die Details und Pr\u00e4ferenzen in Bezug auf Ihre Daten vor unbefugtem Zugriff zu sch\u00fctzen.<\/p><p><u>Das Recht auf Einschr\u00e4nkung der Verarbeitung personenbezogener Daten<\/u><\/p><p>Sie haben das Recht auf Einschr\u00e4nkung der Verarbeitung in den gesetzlich vorgeschriebenen F\u00e4llen, wie die Berichtigung oder im Falle des Widerspruchsverfahrens oder in F\u00e4llen, in denen unser Unternehmen personenbezogene Daten nicht mehr ben\u00f6tigt, Sie diese jedoch zur Aus\u00fcbung Ihrer Rechte ben\u00f6tigen.<\/p><p><u>Das Recht auf L\u00f6schung und das Recht auf Vergessen<\/u><\/p><p>Sie haben das Recht auf L\u00f6schung von Daten in den von den Vorschriften bestimmten F\u00e4llen, insbesondere wenn die Dauer der Verarbeitung durch uns abl\u00e4uft oder endet, die Verarbeitung unrechtm\u00e4\u00dfig ist oder Sie erfolgreich Widerspruch gegen die Verarbeitung eingelegt haben, soweit dieses Recht nicht gesetzlich eingeschr\u00e4nkt ist.<\/p><p><u>Recht auf \u00dcbertragbarkeit<\/u><\/p><p>Wenn wir Daten aufgrund einer Einwilligung oder eines Vertrags automatisiert verarbeiten, haben Sie das Recht auf Daten\u00fcbertragbarkeit (das Recht, Daten in einem strukturierten, g\u00e4ngigen, maschinenlesbaren Format zu erhalten und an einen anderen Betreiber zu \u00fcbertragen). Sofern es technisch m\u00f6glich ist, k\u00f6nnen Sie verlangen, dass wir die Daten direkt an den neuen Betreiber \u00fcbermitteln.<\/p><p><u>Recht auf Beschwerde<\/u><\/p><p>Wenn Sie mit unserer Reaktion auf die Aus\u00fcbung Ihrer Rechte nicht zufrieden sind oder glauben, dass wir Ihre Daten unter Versto\u00df gegen die Vorschriften verarbeiten, haben Sie das Recht, eine Beschwerde beim Amt f\u00fcr den Schutz personenbezogener Daten der Slowakischen Republik oder beim zust\u00e4ndige Beh\u00f6rde Ihres Wohnsitzes oder Arbeitsplatzes einzulegen.<\/p><p><u>Aus\u00fcbung von Rechten<\/u><\/p><p>Sie k\u00f6nnen Ihre Rechte jederzeit per E-Mail an <a href=\"mailto:info@jona-technology.com\"><strong>info@jona-technology.com<\/strong><\/a> oder per Post an unsere Adresse aus\u00fcben.<\/p><ol start=\"5\"><li><strong>Empf\u00e4nger personenbezogener Daten <\/strong><\/li><\/ol><p>Ihre vom Unternehmen verarbeiteten personenbezogenen Daten k\u00f6nnen an folgende Kategorien von Empf\u00e4ngern weitergegeben werden:<\/p><ol><li>Externe Mitarbeiter und Lieferanten: Nat\u00fcrliche oder juristische Personen mit Sitz in der EU, die dem Unternehmen im Zusammenhang mit der Gesch\u00e4ftst\u00e4tigkeit des Unternehmens Arbeiten oder Dienstleistungen erbringen, beispielsweise Teile von Vertr\u00e4gen ausf\u00fchren oder Produkte des Unternehmens liefern und m\u00f6glicherweise einige personenbezogene Daten der betroffenen Personen ben\u00f6tigen<\/li><li>Buchhaltungs-, Steuer- und Rechtsberater: Nat\u00fcrliche oder juristische Personen mit Sitz in der EU, die dem Unternehmen Buchf\u00fchrungs-, Steuer- oder Rechtsberatungsdienste erbringen.<\/li><li>IT-Dienste und IT-Plattformen, soziale Netzwerke: Nat\u00fcrliche und juristische Personen mit Sitz in der EU, die Autoren, Betreiber oder Administratoren elektronischer Plattformen oder sozialer Netzwerke sind, \u00fcber die das Unternehmen mit Kunden, Auszubildenden oder anderen Interessengruppen kommuniziert.<\/li><\/ol><p><strong>\u00a0<\/strong><\/p><ol start=\"6\"><li><strong>Elektronische Bereitstellung personenbezogener Daten durch Personen unter 16 Jahren<\/strong><\/li><\/ol><p>Wenn Sie unter 16 Jahre alt sind, holen Sie die Erlaubnis Ihrer Eltern\/Erziehungsberechtigten ein, bevor Sie uns \u00fcber unsere Website Informationen zur Verf\u00fcgung stellen. Benutzer ohne diese Zustimmung sind nicht berechtigt, uns personenbezogene Daten zur Verf\u00fcgung zu stellen, und wenn sie dies tun, werden wir die Verarbeitung ihrer personenbezogenen Daten einstellen, sobald wir dies erfahren.<\/p>\t\t\t\t\t\t<\/div>\n\t\t\t\t<\/div>\n\t\t\t\t\t<\/div>\n\t\t<\/div>\n\t\t\t\t\t\t\t<\/div>\n\t\t<\/section>\n\t\t\t\t\t<\/div>\n\t\t<\/div>\n\t\t\t\t\t\t\t<\/div>\n\t\t<\/section>\n\t\t\t\t\t\t\t<\/div>\n\t\t","protected":false},"excerpt":{"rendered":"<p>Informationen \u00fcber die Verarbeitung personenbezogener Daten Bevor Sie uns personenbezogene Daten zur Verf\u00fcgung stellen, lesen Sie bitte diese Information \u00fcber die Verarbeitung Ihrer personenbezogenen Daten gem\u00e4\u00df den Artikeln 12-14 der Verordnung (EU) 2016\/679 zum Schutz nat\u00fcrlicher Personen bei der Verarbeitung personenbezogener Daten und zum freien Datenverkehr (im Folgenden \u201eVerordnung\u201c) und der \u00a7 19 und 20 &hellip;<\/p>\n<p class=\"read-more\"> <a class=\"\" href=\"https:\/\/old.jona-technology.sk\/de\/zasady-ochrany-osobnych-udajov\/\"> <span class=\"screen-reader-text\">Informationen \u00fcber die Verarbeitung personenbezogener Daten<\/span> Weiterlesen &raquo;<\/a><\/p>\n","protected":false},"author":2,"featured_media":0,"parent":0,"menu_order":0,"comment_status":"closed","ping_status":"closed","template":"","meta":{"inline_featured_image":false,"footnotes":""},"class_list":["post-5578","page","type-page","status-publish","hentry"],"yoast_head":"<!-- This site is optimized with the Yoast SEO plugin v20.5 - https:\/\/yoast.com\/wordpress\/plugins\/seo\/ -->\n<title>Informationen \u00fcber die Verarbeitung personenbezogener Daten | Jona-technology.com<\/title>\n<meta name=\"description\" content=\"V\u00fdroba, oprava a servis foriem do vibrolisov, strojov a zariaden\u00ed r\u00f4znych priemyseln\u00fdch odvetv\u00ed, opravy a renov\u00e1cia mechanick\u00fdch \u010dast\u00ed zariaden\u00ed.\" \/>\n<meta name=\"robots\" content=\"index, follow, max-snippet:-1, max-image-preview:large, max-video-preview:-1\" \/>\n<link rel=\"canonical\" href=\"https:\/\/old.jona-technology.sk\/de\/zasady-ochrany-osobnych-udajov\/\" \/>\n<meta property=\"og:locale\" content=\"de_DE\" \/>\n<meta property=\"og:type\" content=\"article\" \/>\n<meta property=\"og:title\" content=\"Informationen \u00fcber die Verarbeitung personenbezogener Daten | Jona-technology.com\" \/>\n<meta property=\"og:description\" content=\"V\u00fdroba, oprava a servis foriem do vibrolisov, strojov a zariaden\u00ed r\u00f4znych priemyseln\u00fdch odvetv\u00ed, opravy a renov\u00e1cia mechanick\u00fdch \u010dast\u00ed zariaden\u00ed.\" \/>\n<meta property=\"og:url\" content=\"https:\/\/old.jona-technology.sk\/de\/zasady-ochrany-osobnych-udajov\/\" \/>\n<meta property=\"og:site_name\" content=\"jona-technology.com\" \/>\n<meta property=\"article:modified_time\" content=\"2023-04-17T14:40:39+00:00\" \/>\n<meta name=\"twitter:card\" content=\"summary_large_image\" \/>\n<meta name=\"twitter:label1\" content=\"Gesch\u00e4tzte Lesezeit\" \/>\n\t<meta name=\"twitter:data1\" content=\"12 Minuten\" \/>\n<script type=\"application\/ld+json\" class=\"yoast-schema-graph\">{\"@context\":\"https:\/\/schema.org\",\"@graph\":[{\"@type\":\"WebPage\",\"@id\":\"https:\/\/old.jona-technology.sk\/de\/zasady-ochrany-osobnych-udajov\/\",\"url\":\"https:\/\/old.jona-technology.sk\/de\/zasady-ochrany-osobnych-udajov\/\",\"name\":\"Informationen \u00fcber die Verarbeitung personenbezogener Daten | Jona-technology.com\",\"isPartOf\":{\"@id\":\"https:\/\/old.jona-technology.sk\/#website\"},\"datePublished\":\"2021-07-12T11:55:40+00:00\",\"dateModified\":\"2023-04-17T14:40:39+00:00\",\"description\":\"V\u00fdroba, oprava a servis foriem do vibrolisov, strojov a zariaden\u00ed r\u00f4znych priemyseln\u00fdch odvetv\u00ed, opravy a renov\u00e1cia mechanick\u00fdch \u010dast\u00ed zariaden\u00ed.\",\"breadcrumb\":{\"@id\":\"https:\/\/old.jona-technology.sk\/de\/zasady-ochrany-osobnych-udajov\/#breadcrumb\"},\"inLanguage\":\"de-DE\",\"potentialAction\":[{\"@type\":\"ReadAction\",\"target\":[\"https:\/\/old.jona-technology.sk\/de\/zasady-ochrany-osobnych-udajov\/\"]}]},{\"@type\":\"BreadcrumbList\",\"@id\":\"https:\/\/old.jona-technology.sk\/de\/zasady-ochrany-osobnych-udajov\/#breadcrumb\",\"itemListElement\":[{\"@type\":\"ListItem\",\"position\":1,\"name\":\"Domovsk\u00e1 str\u00e1nka\",\"item\":\"https:\/\/jona-technology.de\/\"},{\"@type\":\"ListItem\",\"position\":2,\"name\":\"Informationen \u00fcber die Verarbeitung personenbezogener Daten\"}]},{\"@type\":\"WebSite\",\"@id\":\"https:\/\/old.jona-technology.sk\/#website\",\"url\":\"https:\/\/old.jona-technology.sk\/\",\"name\":\"jona-technology.com\",\"description\":\"\",\"publisher\":{\"@id\":\"https:\/\/old.jona-technology.sk\/#organization\"},\"potentialAction\":[{\"@type\":\"SearchAction\",\"target\":{\"@type\":\"EntryPoint\",\"urlTemplate\":\"https:\/\/old.jona-technology.sk\/?s={search_term_string}\"},\"query-input\":\"required name=search_term_string\"}],\"inLanguage\":\"de-DE\"},{\"@type\":\"Organization\",\"@id\":\"https:\/\/old.jona-technology.sk\/#organization\",\"name\":\"jona-technology.com\",\"url\":\"https:\/\/old.jona-technology.sk\/\",\"logo\":{\"@type\":\"ImageObject\",\"inLanguage\":\"de-DE\",\"@id\":\"https:\/\/old.jona-technology.sk\/#\/schema\/logo\/image\/\",\"url\":\"https:\/\/old.jona-technology.sk\/wp-content\/uploads\/2021\/06\/Group-11.svg\",\"contentUrl\":\"https:\/\/old.jona-technology.sk\/wp-content\/uploads\/2021\/06\/Group-11.svg\",\"width\":109,\"height\":30,\"caption\":\"jona-technology.com\"},\"image\":{\"@id\":\"https:\/\/old.jona-technology.sk\/#\/schema\/logo\/image\/\"}}]}<\/script>\n<!-- \/ Yoast SEO plugin. -->","yoast_head_json":{"title":"Informationen \u00fcber die Verarbeitung personenbezogener Daten | Jona-technology.com","description":"V\u00fdroba, oprava a servis foriem do vibrolisov, strojov a zariaden\u00ed r\u00f4znych priemyseln\u00fdch odvetv\u00ed, opravy a renov\u00e1cia mechanick\u00fdch \u010dast\u00ed zariaden\u00ed.","robots":{"index":"index","follow":"follow","max-snippet":"max-snippet:-1","max-image-preview":"max-image-preview:large","max-video-preview":"max-video-preview:-1"},"canonical":"https:\/\/old.jona-technology.sk\/de\/zasady-ochrany-osobnych-udajov\/","og_locale":"de_DE","og_type":"article","og_title":"Informationen \u00fcber die Verarbeitung personenbezogener Daten | Jona-technology.com","og_description":"V\u00fdroba, oprava a servis foriem do vibrolisov, strojov a zariaden\u00ed r\u00f4znych priemyseln\u00fdch odvetv\u00ed, opravy a renov\u00e1cia mechanick\u00fdch \u010dast\u00ed zariaden\u00ed.","og_url":"https:\/\/old.jona-technology.sk\/de\/zasady-ochrany-osobnych-udajov\/","og_site_name":"jona-technology.com","article_modified_time":"2023-04-17T14:40:39+00:00","twitter_card":"summary_large_image","twitter_misc":{"Gesch\u00e4tzte Lesezeit":"12 Minuten"},"schema":{"@context":"https:\/\/schema.org","@graph":[{"@type":"WebPage","@id":"https:\/\/old.jona-technology.sk\/de\/zasady-ochrany-osobnych-udajov\/","url":"https:\/\/old.jona-technology.sk\/de\/zasady-ochrany-osobnych-udajov\/","name":"Informationen \u00fcber die Verarbeitung personenbezogener Daten | Jona-technology.com","isPartOf":{"@id":"https:\/\/old.jona-technology.sk\/#website"},"datePublished":"2021-07-12T11:55:40+00:00","dateModified":"2023-04-17T14:40:39+00:00","description":"V\u00fdroba, oprava a servis foriem do vibrolisov, strojov a zariaden\u00ed r\u00f4znych priemyseln\u00fdch odvetv\u00ed, opravy a renov\u00e1cia mechanick\u00fdch \u010dast\u00ed zariaden\u00ed.","breadcrumb":{"@id":"https:\/\/old.jona-technology.sk\/de\/zasady-ochrany-osobnych-udajov\/#breadcrumb"},"inLanguage":"de-DE","potentialAction":[{"@type":"ReadAction","target":["https:\/\/old.jona-technology.sk\/de\/zasady-ochrany-osobnych-udajov\/"]}]},{"@type":"BreadcrumbList","@id":"https:\/\/old.jona-technology.sk\/de\/zasady-ochrany-osobnych-udajov\/#breadcrumb","itemListElement":[{"@type":"ListItem","position":1,"name":"Domovsk\u00e1 str\u00e1nka","item":"https:\/\/jona-technology.de\/"},{"@type":"ListItem","position":2,"name":"Informationen \u00fcber die Verarbeitung personenbezogener Daten"}]},{"@type":"WebSite","@id":"https:\/\/old.jona-technology.sk\/#website","url":"https:\/\/old.jona-technology.sk\/","name":"jona-technology.com","description":"","publisher":{"@id":"https:\/\/old.jona-technology.sk\/#organization"},"potentialAction":[{"@type":"SearchAction","target":{"@type":"EntryPoint","urlTemplate":"https:\/\/old.jona-technology.sk\/?s={search_term_string}"},"query-input":"required name=search_term_string"}],"inLanguage":"de-DE"},{"@type":"Organization","@id":"https:\/\/old.jona-technology.sk\/#organization","name":"jona-technology.com","url":"https:\/\/old.jona-technology.sk\/","logo":{"@type":"ImageObject","inLanguage":"de-DE","@id":"https:\/\/old.jona-technology.sk\/#\/schema\/logo\/image\/","url":"https:\/\/old.jona-technology.sk\/wp-content\/uploads\/2021\/06\/Group-11.svg","contentUrl":"https:\/\/old.jona-technology.sk\/wp-content\/uploads\/2021\/06\/Group-11.svg","width":109,"height":30,"caption":"jona-technology.com"},"image":{"@id":"https:\/\/old.jona-technology.sk\/#\/schema\/logo\/image\/"}}]}},"_links":{"self":[{"href":"https:\/\/old.jona-technology.sk\/de\/wp-json\/wp\/v2\/pages\/5578","targetHints":{"allow":["GET"]}}],"collection":[{"href":"https:\/\/old.jona-technology.sk\/de\/wp-json\/wp\/v2\/pages"}],"about":[{"href":"https:\/\/old.jona-technology.sk\/de\/wp-json\/wp\/v2\/types\/page"}],"author":[{"embeddable":true,"href":"https:\/\/old.jona-technology.sk\/de\/wp-json\/wp\/v2\/users\/2"}],"replies":[{"embeddable":true,"href":"https:\/\/old.jona-technology.sk\/de\/wp-json\/wp\/v2\/comments?post=5578"}],"version-history":[{"count":7,"href":"https:\/\/old.jona-technology.sk\/de\/wp-json\/wp\/v2\/pages\/5578\/revisions"}],"predecessor-version":[{"id":7969,"href":"https:\/\/old.jona-technology.sk\/de\/wp-json\/wp\/v2\/pages\/5578\/revisions\/7969"}],"wp:attachment":[{"href":"https:\/\/old.jona-technology.sk\/de\/wp-json\/wp\/v2\/media?parent=5578"}],"curies":[{"name":"wp","href":"https:\/\/api.w.org\/{rel}","templated":true}]}}