{"id":6982,"date":"2021-07-12T13:40:12","date_gmt":"2021-07-12T11:40:12","guid":{"rendered":"https:\/\/www.old.jona-technology.sk\/informacie-o-spracovani-osobnych-udajov\/"},"modified":"2021-10-20T14:12:58","modified_gmt":"2021-10-20T12:12:58","slug":"politique-de-confidentialite","status":"publish","type":"page","link":"https:\/\/old.jona-technology.sk\/fr\/politique-de-confidentialite\/","title":{"rendered":"Politique de confidentialit\u00e9"},"content":{"rendered":"\t\t<div data-elementor-type=\"wp-page\" data-elementor-id=\"6982\" class=\"elementor elementor-6982\">\n\t\t\t\t\t\t\t\t\t<section class=\"elementor-section elementor-top-section elementor-element elementor-element-71ff76dc elementor-section-boxed elementor-section-height-default elementor-section-height-default\" data-id=\"71ff76dc\" data-element_type=\"section\" data-settings=\"{&quot;background_background&quot;:&quot;classic&quot;,&quot;_ha_eqh_enable&quot;:false}\">\n\t\t\t\t\t\t\t<div class=\"elementor-background-overlay\"><\/div>\n\t\t\t\t\t\t\t<div class=\"elementor-container elementor-column-gap-no\">\n\t\t\t\t\t<div class=\"elementor-column elementor-col-100 elementor-top-column elementor-element elementor-element-134fc3bc\" data-id=\"134fc3bc\" data-element_type=\"column\">\n\t\t\t<div class=\"elementor-widget-wrap elementor-element-populated\">\n\t\t\t\t\t\t\t\t<div class=\"elementor-element elementor-element-4b0f9977 elementor-widget elementor-widget-heading\" data-id=\"4b0f9977\" data-element_type=\"widget\" data-widget_type=\"heading.default\">\n\t\t\t\t<div class=\"elementor-widget-container\">\n\t\t\t<h1 class=\"elementor-heading-title elementor-size-default\">Informations sur le traitement des donn\u00e9es personnelles<\/h1>\t\t<\/div>\n\t\t\t\t<\/div>\n\t\t\t\t\t<\/div>\n\t\t<\/div>\n\t\t\t\t\t\t\t<\/div>\n\t\t<\/section>\n\t\t\t\t<section class=\"elementor-section elementor-top-section elementor-element elementor-element-040aa49 elementor-section-boxed elementor-section-height-default elementor-section-height-default elementor-invisible\" data-id=\"040aa49\" data-element_type=\"section\" data-settings=\"{&quot;animation&quot;:&quot;fadeInLeft&quot;,&quot;_ha_eqh_enable&quot;:false}\">\n\t\t\t\t\t\t<div class=\"elementor-container elementor-column-gap-default\">\n\t\t\t\t\t<div class=\"elementor-column elementor-col-100 elementor-top-column elementor-element elementor-element-9402228\" data-id=\"9402228\" data-element_type=\"column\" data-settings=\"{&quot;background_background&quot;:&quot;classic&quot;}\">\n\t\t\t<div class=\"elementor-widget-wrap elementor-element-populated\">\n\t\t\t\t\t\t\t\t<section class=\"elementor-section elementor-inner-section elementor-element elementor-element-229e3d8 elementor-section-boxed elementor-section-height-default elementor-section-height-default\" data-id=\"229e3d8\" data-element_type=\"section\" data-settings=\"{&quot;_ha_eqh_enable&quot;:false}\">\n\t\t\t\t\t\t<div class=\"elementor-container elementor-column-gap-default\">\n\t\t\t\t\t<div class=\"elementor-column elementor-col-100 elementor-inner-column elementor-element elementor-element-aee5cd7\" data-id=\"aee5cd7\" data-element_type=\"column\">\n\t\t\t<div class=\"elementor-widget-wrap elementor-element-populated\">\n\t\t\t\t\t\t\t\t<div class=\"elementor-element elementor-element-7f78154 elementor-widget elementor-widget-text-editor\" data-id=\"7f78154\" data-element_type=\"widget\" data-widget_type=\"text-editor.default\">\n\t\t\t\t<div class=\"elementor-widget-container\">\n\t\t\t\t\t\t\t<p>Avant de nous fournir des donn\u00e9es personnelles, veuillez vous familiariser avec ces informations sur le traitement de vos donn\u00e9es personnelles conform\u00e9ment \u00e0 l&#8217;art. 12-14 R\u00e8glement UE 2016\/679 relatif \u00e0 la protection des personnes physiques \u00e0 l&#8217;\u00e9gard du traitement des donn\u00e9es \u00e0 caract\u00e8re personnel et \u00e0 la libre circulation de ces donn\u00e9es (ci-apr\u00e8s d\u00e9nomm\u00e9 le \u00ab <strong>R<\/strong><strong>\u00e8<\/strong><strong>glement<\/strong> \u00bb) et articles 19 et 20 de la loi 18\/2018 Coll . sur la protection des donn\u00e9es personnelles.<\/p><p>\u00a0<\/p><p><strong>Qui sommes-nous et o<\/strong><strong>\u00f9 <\/strong><strong>pouvez-vous nous trouver ?<\/strong> Vos donn\u00e9es personnelles sont trait\u00e9es par l&#8217;op\u00e9rateur JONA s.r.o., Tatransk\u00e1 364, 059 92 Huncovce, Slovaquie, ID: 45882771,La soci\u00e9t\u00e9 est inscrite au registre du commerce du tribunal de district de Pre\u0161ov, section : Sro, sous le num\u00e9ro 23622 \/ P (ci-apr\u00e8s d\u00e9nomm\u00e9e \u00ab la Soci\u00e9t\u00e9 \u00bb ou \u00ab nous \u00bb).<\/p><p>Si vous avez des questions sur les informations personnelles, vous pouvez nous contacter par e-mail \u00e0 l&#8217;adresse : www.jona-technology.com<\/p><p>\u00a0<\/p><p><strong>Informations pour chaque cat\u00e9gorie de personne concern\u00e9e et finalit\u00e9s de traitement<\/strong><\/p><p>\u00a0<\/p><p>Ci-dessous, nous fournissons des informations pour les finalit\u00e9s de traitement individuelles et pour les personnes individuelles concern\u00e9es. Pour plus d&#8217;informations, veuillez cliquer sur le lien qui vous concerne.<\/p><p>\u00a0<\/p><p><strong>Partenaires contractuels et partenaires contractuels potentiels de la Soci\u00e9<\/strong><strong>t<\/strong><strong>\u00e9, membres des organes statutaires et personnes de contact des partenaires contractuels<\/strong><\/p><p><strong>Personnes concern\u00e9es : <\/strong>Les personnes concern\u00e9es sont les personnes physiques qui sont des partenaires contractuels de la Soci\u00e9t\u00e9 ou des membres des organes statutaires des partenaires contractuels et de leurs personnes de contact ou qui sont des partenaires contractuels potentiels et qui ont contact\u00e9 la Soci\u00e9t\u00e9 ou les ont contact\u00e9es avant la conclusion du contrat.<\/p><p><strong>Quelles donn\u00e9es traitons-nous, <\/strong><strong>\u00e0 <\/strong><strong>quelles fins sur quelle base l\u00e9gale et pour combien de temps :<\/strong><\/p><p><strong>Cat<\/strong><strong>\u00e9gories de donn\u00e9es :<\/strong> Nom et pr\u00e9nom, titre, coordonn\u00e9es, donn\u00e9es sur le poste, donn\u00e9es de documents contractuels, de paiement ou comptables (donn\u00e9es bancaires, donn\u00e9es sur les produits ou services livr\u00e9s ou retir\u00e9s).<\/p><p><strong>Finalit<\/strong><strong>\u00e9 <\/strong><strong>:<\/strong> Nous traitons les donn\u00e9es personnelles des partenaires contractuels et des partenaires contractuels potentiels &#8211; personnes physiques ainsi que des membres des organes statutaires des partenaires contractuels et de leurs interlocuteurs aux fins suivantes :<\/p><ol><li>\u00c0 des fins de pr\u00e9paration (par exemple, fournir l&#8217;offre de prix ou les informations sur le produit demand\u00e9es), conclure et ex\u00e9cuter le contrat avec le partenaire contractuel, y compris les donn\u00e9es envoy\u00e9es via le formulaire de contact sur le site Web de la Soci\u00e9t\u00e9<\/li><li>Respect des obligations l\u00e9gales (notamment selon la Loi sur la comptabilit\u00e9, la Loi de l&#8217;imp\u00f4t sur le revenu et la Loi sur les archives et d&#8217;autres r\u00e9glementations l\u00e9gales)<\/li><li>V\u00e9rification du droit d&#8217;agir pour le compte du partenaire contractuel et prise de contact avec le partenaire contractuel en ce qui concerne les donn\u00e9es personnelles des personnes agissant pour le compte de nos partenaires contractuels (statuts, dirigeants) ou de leurs personnes de contact au titre du contrat aux fins de l&#8217;ex\u00e9cution des obligations contractuelles dans le cadre de nos contrats; partenaires et enregistrements des documents sur lesquels leurs donn\u00e9es sont r\u00e9pertori\u00e9es conform\u00e9ment aux dispositions l\u00e9<\/li><li>Au cas \u00e9ch\u00e9ant, pour faire valoir, prouver ou d\u00e9fendre les droits l\u00e9gaux de la Soci\u00e9t\u00e9.<\/li><\/ol><p><strong>La base l<\/strong><strong>\u00e9<\/strong><strong>gale <\/strong>est dans le but<\/p><ol><li>De l&#8217;art. 6 par. 1 lettre b) Les r\u00e8glements, c&#8217;est-\u00e0-dire le traitement, sont n\u00e9cessaires \u00e0 l&#8217;ex\u00e9cution d&#8217;un contrat auquel la personne concern\u00e9e est partie, ou que, \u00e0 la demande de la personne concern\u00e9e, des mesures pr\u00e9contractuelles sont prises dans le cas d&#8217;un partenaire contractuel &#8211; une personne physique;<\/li><li>De l&#8217;art. 6 par. 1 lettre c) R\u00e9glementation, c&#8217;est-\u00e0-dire l&#8217;obligation l\u00e9gale de l&#8217;exploitant dans les cas o\u00f9 la loi impose l&#8217;obligation d&#8217;enregistrer ou de d\u00e9clarer les documents sur lesquels ses donn\u00e9es personnelles sont r\u00e9pertori\u00e9es, notamment la loi de l&#8217;imp\u00f4t sur le revenu et la loi sur la comptabilit\u00e9<\/li><li>De l&#8217;art. 6 par. 1 lettre f) R\u00e9glementation, c&#8217;est-\u00e0-dire l&#8217;int\u00e9r\u00eat l\u00e9gitime de la Soci\u00e9t\u00e9 \u00e0 remplir des obligations contractuelles et l\u00e9gales ou \u00e0 contacter des partenaires contractuels par l&#8217;interm\u00e9diaire d&#8217;une personne de contact en ce qui concerne les donn\u00e9es personnelles des personnes physiques agissant pour le compte du partenaire contractuel ou de ses personnes de contact dans la n\u00e9gociation, la pr\u00e9paration ou l&#8217;ex\u00e9cution d&#8217;un contrat;<\/li><li>De l&#8217;art. 6 par. 1 lettre f) R\u00e9glementation de l&#8217;int\u00e9r\u00eat l\u00e9gitime de la Soci\u00e9t\u00e9 &#8211; faire valoir, prouver et d\u00e9fendre des droits l\u00e9gaux dans le cas des donn\u00e9es n\u00e9cessaires aux fins de faire valoir, d\u00e9fendre et prouver des droits l\u00e9gaux.<\/li><\/ol><p><strong>D<\/strong><strong>\u00e9lai de traitement : <\/strong>Aux fins de la pr\u00e9paration du contrat, nous conservons les donn\u00e9es personnelles pendant 1 an maximum \u00e0 compter de leur acquisition, si le contrat n&#8217;a pas \u00e9t\u00e9 conclu.Nous traitons les donn\u00e9es personnelles sp\u00e9cifi\u00e9es dans le contrat et\/ou trait\u00e9es aux fins de l&#8217;ex\u00e9cution du contrat, li\u00e9es au contrat ou n\u00e9cessaires \u00e0 l&#8217;ex\u00e9cution des obligations l\u00e9gales pendant la dur\u00e9e du contrat dans lequel elles sont \u00e9nonc\u00e9es ou utilis\u00e9es pour l\u2019ex\u00e9cution.Apr\u00e8s la r\u00e9siliation du contrat, nous traitons ces donn\u00e9es personnelles pendant le d\u00e9lai de prescription des r\u00e9clamations (g\u00e9n\u00e9ralement 4 ans) aux fins de d\u00e9fense, de preuve et d&#8217;ex\u00e9cution des r\u00e9clamations l\u00e9gales, ou si pendant une telle p\u00e9riode des proc\u00e9dures ou r\u00e9clamations sur les r\u00e9clamations ou obligations de la Soci\u00e9t\u00e9 ont \u00e9t\u00e9 initi\u00e9s ou sont menac\u00e9s et une r\u00e9solution compl\u00e8te de toutes les r\u00e9clamations.Les donn\u00e9es personnelles relatives aux documents comptables et fiscaux et autres documents et papiers auxquels s&#8217;applique l&#8217;enregistrement ou l&#8217;archivage obligatoire sont en outre conserv\u00e9es pendant la dur\u00e9e de la p\u00e9riode d&#8217;archivage ou d&#8217;enregistrement, par exemple pendant 5 ans pour les donn\u00e9es des documents fiscaux et comptables.<\/p><p><strong>Objection<\/strong><\/p><p>Les personnes concern\u00e9es ont le droit de s&#8217;opposer au traitement de leurs donn\u00e9es personnelles aux fins \u00e9nonc\u00e9es aux points 3 et 4.<\/p><p><strong>Transmissions<\/strong><\/p><p>Nous ne transf\u00e9rons pas de donn\u00e9es personnelles en dehors du territoire des \u00c9tats membres de l&#8217;Union europ\u00e9enne ou d&#8217;une organisation internationale<\/p><p><strong>Autres droits<\/strong><\/p><p>Les personnes concern\u00e9es ont d&#8217;autres droits \u00e9num\u00e9r\u00e9s \u00e0 la section 4 de cette information<\/p><ol><li><strong>Les personnes qui ont exerc\u00e9 leurs droits en vertu du <\/strong><strong>R<\/strong><strong>\u00e8<\/strong><strong>glement<\/strong><\/li><\/ol><p>\u00a0<\/p><p><strong>Personnes concern\u00e9<\/strong><strong>es\u00a0: <\/strong>les personnes concern\u00e9es sont les personnes physiques qui ont exerc\u00e9 certains de leurs droits en vertu du r\u00e8glement et \u00e0 cette fin ont contact\u00e9 la Soci\u00e9t\u00e9 ou \u00e9galement les personnes qui ont donn\u00e9 leur consentement \u00e0 la soci\u00e9t\u00e9 pour le traitement des donn\u00e9es personnelles \u00e0 l&#8217;une des fins ci-dessus et r\u00e9voquent ult\u00e9rieurement le consentement.<\/p><p><strong>Quelles donn\u00e9es traitons-nous, <\/strong><strong>\u00e0 <\/strong><strong>quelles fins sur quelle base l\u00e9gale et pour combien de temps :<\/strong><\/p><p><strong>Cat<\/strong><strong>\u00e9gories de donn\u00e9<\/strong><strong>es\u00a0:<\/strong><\/p><p>Donn\u00e9es indiqu\u00e9es dans la demande de la personne concern\u00e9e, donn\u00e9es indiqu\u00e9es dans le consentement et son recours, g\u00e9n\u00e9ralement les informations de contact du demandeur<\/p><p>Nous traitons les donn\u00e9es personnelles aux fins suivantes :<\/p><ol><li>Aux fins de remplir les obligations d\u00e9coulant du r\u00e8glement sur les droits des personnes concern\u00e9es (traitement des demandes de la personne concern\u00e9e)<\/li><li>Aux fins de remplir les obligations pr\u00e9vues par le r\u00e8glement et de prouver l&#8217;existence du consentement dans un certain d\u00e9lai en cas de consentement r\u00e9voqu\u00e9<\/li><li>Au cas \u00e9ch\u00e9ant, pour faire valoir, prouver ou d\u00e9fendre les droits l\u00e9gaux de la Soci\u00e9t\u00e9.<\/li><\/ol><p><strong>La base l<\/strong><strong>\u00e9gale<\/strong> est dans le but<\/p><ol><li>De l&#8217;art. 6 par. 1 lettre c) l&#8217;obligation l\u00e9gale de l&#8217;op\u00e9rateur de traiter les demandes des personnes concern\u00e9es en vertu des articles 12 et suivant R\u00e8glement<\/li><li>De l&#8217;art. 6 par. 1 lettre c) l&#8217;obligation l\u00e9gale de prouver l&#8217;existence des consentements et de remplir d&#8217;autres obligations conform\u00e9ment \u00e0 l&#8217;art. 24 de R\u00e8glement<\/li><li>De l&#8217;art. 6 par. 1 lettre f) R\u00e9gulation de l&#8217;int\u00e9r\u00eat l\u00e9gitime de la Soci\u00e9t\u00e9 &#8211; affirmation, preuve et d\u00e9fense des droits l\u00e9gaux dans le cas des donn\u00e9es n\u00e9cessaires aux fins de l&#8217;affirmation, de la d\u00e9fense et de la preuve des droits l\u00e9gaux.<\/li><\/ol><p><strong>D<\/strong><strong>\u00e9lai de traitement <\/strong>de 4 ans \u00e0 compter du traitement de la demande ou du retrait du consentement. Dans le cas des finalit\u00e9s de preuve, de d\u00e9fense et de r\u00e9clamation pendant la dur\u00e9e de l&#8217;existence de ces r\u00e9clamations jusqu&#8217;au r\u00e8glement int\u00e9gral.<\/p><p><strong>Objection<\/strong><\/p><p>Les personnes concern\u00e9es ont le droit de s&#8217;opposer au traitement de leurs donn\u00e9es personnelles aux fins \u00e9nonc\u00e9es au point 3.<\/p><p><strong>Transmissions <\/strong><\/p><p>Nous ne transf\u00e9rons pas de donn\u00e9es personnelles en dehors du territoire des \u00c9tats membres de l&#8217;Union europ\u00e9enne ou d&#8217;une organisation internationale<\/p><p><strong>Autres droits <\/strong><\/p><p>Les personnes concern\u00e9es ont d&#8217;autres droits \u00e9num\u00e9r\u00e9s \u00e0 la section 4 de cette information.<\/p><p>\u00a0<\/p><ol><li><strong>Destinataires des messages marketing<\/strong><\/li><\/ol><p><strong>\u00a0<\/strong><\/p><p><strong>Personnes concern\u00e9<\/strong><strong>es\u00a0:<\/strong>Les personnes concern\u00e9es sont les personnes physiques qui sont ou ont \u00e9t\u00e9 clientes de la Soci\u00e9t\u00e9 ou une personne de contact du client, ou qui se sont inscrites \u00e0 la liste de courrier \u00e9lectronique des contacts marketing de la Soci\u00e9t\u00e9 (elles ont donn\u00e9 leur consentement \u00e0 l&#8217;envoi d&#8217;annonces marketing).<\/p><p><strong>Quelles donn\u00e9es traitons-nous, <\/strong><strong>\u00e0 <\/strong><strong>quelles fins sur quelle base l\u00e9gale et pour combien de temps :<\/strong><\/p><p><strong>Cat<\/strong><strong>\u00e9gories de donn\u00e9<\/strong><strong>es\u00a0:<\/strong><\/p><p>Nom et pr\u00e9nom, adresse e-mail ou num\u00e9ro de t\u00e9l\u00e9phone, adresse<\/p><p>Nous traitons les donn\u00e9es personnelles aux fins suivantes :<\/p><ul><li>envoi d&#8217;annonces marketing sur les produits et activit\u00e9s de la Soci\u00e9t\u00e9, envoi d&#8217;offres<\/li><\/ul><p><strong>La base l<\/strong><strong>\u00e9gale<\/strong> est<\/p><ol><li>De l&#8217;art. 6 par. 1 lettre f) R\u00e8glements int\u00e9r\u00eat l\u00e9gitime de la Soci\u00e9t\u00e9 &#8211; marketing direct &#8211; pour les clients et les personnes de contact des clients qui ont d\u00e9j\u00e0 achet\u00e9 les biens ou services de la Soci\u00e9t\u00e9<\/li><li>De l&#8217;art. 6 par. 1 lettre a) consentement &#8211; en cas de fourniture volontaire de donn\u00e9es personnelles et de consentement \u00e0 l&#8217;envoi d&#8217;annonces marketing (newsletters) et d&#8217;offres par e-mail<\/li><\/ol><p><strong>D<\/strong><strong>\u00e9lai de traitement <\/strong>Pour une dur\u00e9e de 3 ans \u00e0 compter du dernier achat en cas d&#8217;int\u00e9r\u00eat l\u00e9gitime, jusqu&#8217;au retrait du consentement ou le d\u00e9lai pr\u00e9cis\u00e9 dans le consentement en cas de consentement.<\/p><p><strong>Objection<\/strong><\/p><p>Les personnes concern\u00e9es ont le droit de s&#8217;opposer au traitement de leurs donn\u00e9es personnelles conform\u00e9ment \u00e0 la base l\u00e9gale (int\u00e9r\u00eat l\u00e9gitime) pour le marketing direct.<\/p><p><strong>Transmissions<\/strong><\/p><p>Nous ne transf\u00e9rons pas de donn\u00e9es personnelles en dehors du territoire des \u00c9tats membres de l&#8217;Union europ\u00e9enne ou d&#8217;une organisation internationale<\/p><p><strong>Autres droits<\/strong><\/p><p>Les personnes concern\u00e9es ont d&#8217;autres droits \u00e9num\u00e9r\u00e9s \u00e0 la section 4 de cette information.<\/p><ol><li><strong>Autres personnes concern\u00e9<\/strong><strong>es<\/strong><\/li><\/ol><p>Si vous n&#8217;appartenez \u00e0 aucune cat\u00e9gorie ou si vous n&#8217;\u00eates pas s\u00fbr \u00e0 laquelle vous appartenez et en m\u00eame temps vous consid\u00e9rez que nous traitons vos donn\u00e9es personnelles, veuillez nous contacter par e-mail \u00e0 <a href=\"mailto:info@jona-technology.com\"><strong>info@jona-technology.com<\/strong><\/a><\/p><ol start=\"3\"><li><strong>Objection<\/strong><\/li><\/ol><p>En ce qui concerne <u>les donn\u00e9es que nous traitons sur la base d&#8217;un int\u00e9<\/u><u>r\u00ea<\/u><u>t l\u00e9gitime, vous avez le droit de <strong>vous opposer<\/strong> au traitement <\/u><u>\u00e0 <\/u><u>tout moment<\/u> pour des raisons li\u00e9es \u00e0 votre situation particuli\u00e8re face au traitement de ces donn\u00e9es personnelles.En cas de traitement \u00e0 des fins de marketing direct, vous avez le droit de vous opposer \u00e0 tout moment.Vous pouvez exercer vos droits par email \u00e0 info@jona-technology.com ou par courrier envoy\u00e9 \u00e0 notre adresse.Dans le cas d&#8217;une objection au marketing direct, elle s&#8217;applique en se d\u00e9sinscrivant de la liste \u00e0 laquelle les annonces marketing sont envoy\u00e9es \u00e0 la ligne jointe \u00e0 l&#8217;email oucommunication par sms.<\/p><ol start=\"4\"><li><strong>Vos autres droits<\/strong><\/li><\/ol><p><u>Droit d&#8217;acc<\/u><u>\u00e8<\/u><u>s<\/u><\/p><p>Vous avez le droit de savoir quelles donn\u00e9es, \u00e0 quelles fins nous traitons \u00e0 votre sujet et \u00e0 qui nous les fournissons, ainsi que d&#8217;autres informations (droit d\u2019acc\u00e8s).Si vous souhaitez obtenir ces informations ou obtenir une copie des informations personnelles que nous d\u00e9tenons \u00e0 votre sujet, veuillez nous contacter \u00e0 l&#8217;adresse ci-dessous.Avant de r\u00e9pondre \u00e0 votre demande, nous pouvons vous demander de v\u00e9rifier votre identit\u00e9 et de fournir des informations suppl\u00e9mentaires sur votre demande.Nous nous efforcerons de r\u00e9pondre dans un d\u00e9lai raisonnable et en tout \u00e9tat de cause dans les d\u00e9lais fix\u00e9s par la loi.<\/p><p><u>Droit de r\u00e9paration, mettre<\/u><u> \u00e0 jour<\/u><\/p><p>Lorsque vous fournissez des donn\u00e9es, il est de votre responsabilit\u00e9 de vous assurer que vous fournissez des informations vraies, exactes et compl\u00e8tes et que vous les tenez \u00e0 jour.Vous pouvez \u00e9galement mettre \u00e0 jour vos informations personnelles en nous contactant aux coordonn\u00e9es ci-dessous.Vous avez le droit de nous demander de corriger vos donn\u00e9es si elles sont incorrectes ou de les compl\u00e9ter si elles sont incompl\u00e8tes.Dans ce cas, assurez-vous d&#8217;inclure dans votre correspondance initiale vos nom, nom d&#8217;utilisateur (si compte) et code postal, ou pr\u00e9nom, nom et date de naissance si les donn\u00e9es que nous traitons dans le but de fournir les services ; Cela nous aidera \u00e0 prot\u00e9ger les d\u00e9tails et les pr\u00e9f\u00e9rences concernant vos donn\u00e9es contre tout acc\u00e8s non autoris\u00e9.<\/p><p><u>Droit de restreindre le traitement<\/u><\/p><p>Vous avez le droit de restreindre le traitement dans les cas sp\u00e9cifi\u00e9s par la r\u00e9glementation, tels que leur proc\u00e9dure de rectification ou d&#8217;opposition, ou dans les cas o\u00f9 notre soci\u00e9t\u00e9 n&#8217;a plus besoin de donn\u00e9es personnelles, mais vous en avez besoin pour exercer vos droits.<\/p><p><u>Le droit \u00e0 <\/u><u>l&#8217;effacement et le droit \u00e0 l\u2019<\/u><u>oubli<\/u><\/p><p>Vous avez le droit de supprimer les donn\u00e9es dans les cas pr\u00e9vus par la r\u00e9glementation, notamment lorsque la p\u00e9riode pour laquelle nous les avons trait\u00e9es expire ou prend fin, ou que leur traitement est ill\u00e9gal, ou que vous vous \u00eates oppos\u00e9 avec succ\u00e8s au traitement, sauf si ce droit est limit\u00e9 par la loi.<\/p><p><u>Droit de portabilit\u00e9<\/u><\/p><p>Si nous traitons des donn\u00e9es sur la base d&#8217;un consentement ou d&#8217;un contrat par des moyens automatis\u00e9s, vous avez le droit \u00e0 la portabilit\u00e9 des donn\u00e9es (le droit d&#8217;obtenir des donn\u00e9es dans un format structur\u00e9, couramment utilis\u00e9, lisible par machine et le droit de les transf\u00e9rer \u00e0 un autre op\u00e9rateur).Si c\u2019est techniquement possible, vous pouvez demander que nous transf\u00e9rions les donn\u00e9es directement au nouvel op\u00e9rateur.<\/p><p><u>Droit de porter plainte<\/u><\/p><p>Si vous n&#8217;\u00eates pas satisfait de la fa\u00e7on dont nous avons r\u00e9agi \u00e0 l&#8217;exercice de vos droits ou si vous pensez que nous traitons vos donn\u00e9es en violation de la r\u00e9glementation, vous avez le droit de d\u00e9poser une plainte aupr\u00e8s de l&#8217;Office de protection des donn\u00e9es personnelles de la R\u00e9publique slovaque ou du bureau comp\u00e9tent selon votre r\u00e9sidence habituelle ou votre lieu de travail.<\/p><p><u>Exercice des droits<\/u><\/p><p>Vous pouvez exercer vos droits \u00e0 tout moment par e-mail ou notification envoy\u00e9e par courrier \u00e0 notre adresse.<\/p><ol start=\"5\"><li><strong>Destinataires des donn\u00e9es personnelles<\/strong><\/li><\/ol><p>Vos donn\u00e9es personnelles trait\u00e9es par la Soci\u00e9t\u00e9 peuvent \u00eatre fournies aux cat\u00e9gories de destinataires suivantes :<\/p><ol><li>Personnel externe et fournisseurs\u00a0: Personnes physiques ou morales \u00e9tablies dans l&#8217;UE qui fournissent \u00e0 la Soci\u00e9t\u00e9 des travaux ou des services li\u00e9s aux activit\u00e9s de la Soci\u00e9t\u00e9, par exemple, l&#8217;ex\u00e9cution de parties de contrats ou la livraison des produits de la Soci\u00e9t\u00e9 et peuvent avoir besoin de certaines donn\u00e9es personnelles des personnes concern\u00e9es<\/li><li>Conseillers comptables, fiscaux et juridiques : Personnes physiques ou morales \u00e9tablies dans l&#8217;UE qui fournissent des services de conseil comptable, fiscal ou juridique \u00e0 la Soci\u00e9t\u00e9.<\/li><li>Services informatiques et plateformes informatiques, r\u00e9seaux sociaux : Personnes physiques et morales \u00e9tablies dans l&#8217;UE qui sont auteurs, op\u00e9rateurs ou administrateurs de plateformes \u00e9lectroniques ou de r\u00e9seaux sociaux \u00e0 travers lesquels la Soci\u00e9t\u00e9 communique avec des clients, des stagiaires ou d&#8217;autres personnes concern\u00e9s.<\/li><\/ol><p>\u00a0<\/p><p>\u00a0<\/p><ol start=\"6\"><li><strong>Fourniture de donn\u00e9es personnelles par voie \u00e9lectronique par des personnes de moins de 16 ans<\/strong><\/li><\/ol><p>Si vous avez moins de 16 ans, obtenez l&#8217;autorisation de votre parent\/tuteur l\u00e9gal avant de nous fournir des informations via notre site Web.Les utilisateurs sans ce consentement ne sont pas autoris\u00e9s \u00e0 nous fournir des donn\u00e9es personnelles, et s&#8217;ils le font, nous cesserons de traiter leurs donn\u00e9es personnelles d\u00e8s que nous le saurons.<\/p><p><\/p>\t\t\t\t\t\t<\/div>\n\t\t\t\t<\/div>\n\t\t\t\t\t<\/div>\n\t\t<\/div>\n\t\t\t\t\t\t\t<\/div>\n\t\t<\/section>\n\t\t\t\t\t<\/div>\n\t\t<\/div>\n\t\t\t\t\t\t\t<\/div>\n\t\t<\/section>\n\t\t\t\t\t\t\t<\/div>\n\t\t","protected":false},"excerpt":{"rendered":"<p>Informations sur le traitement des donn\u00e9es personnelles Avant de nous fournir des donn\u00e9es personnelles, veuillez vous familiariser avec ces informations sur le traitement de vos donn\u00e9es personnelles conform\u00e9ment \u00e0 l&#8217;art. 12-14 R\u00e8glement UE 2016\/679 relatif \u00e0 la protection des personnes physiques \u00e0 l&#8217;\u00e9gard du traitement des donn\u00e9es \u00e0 caract\u00e8re personnel et \u00e0 la libre circulation &hellip;<\/p>\n<p class=\"read-more\"> <a class=\"\" href=\"https:\/\/old.jona-technology.sk\/fr\/politique-de-confidentialite\/\"> <span class=\"screen-reader-text\">Politique de confidentialit\u00e9<\/span> Lire la suite\u00a0\u00bb<\/a><\/p>\n","protected":false},"author":2,"featured_media":0,"parent":0,"menu_order":0,"comment_status":"closed","ping_status":"closed","template":"","meta":{"inline_featured_image":false,"footnotes":""},"class_list":["post-6982","page","type-page","status-publish","hentry"],"yoast_head":"<!-- This site is optimized with the Yoast SEO plugin v20.5 - https:\/\/yoast.com\/wordpress\/plugins\/seo\/ -->\n<title>Politique de confidentialit\u00e9 | Jona-technology.com<\/title>\n<meta name=\"description\" content=\"V\u00fdroba, oprava a servis foriem do vibrolisov, strojov a zariaden\u00ed r\u00f4znych priemyseln\u00fdch odvetv\u00ed, opravy a renov\u00e1cia mechanick\u00fdch \u010dast\u00ed zariaden\u00ed.\" \/>\n<meta name=\"robots\" content=\"index, follow, max-snippet:-1, max-image-preview:large, max-video-preview:-1\" \/>\n<link rel=\"canonical\" href=\"https:\/\/old.jona-technology.sk\/fr\/politique-de-confidentialite\/\" \/>\n<meta property=\"og:locale\" content=\"fr_FR\" \/>\n<meta property=\"og:type\" content=\"article\" \/>\n<meta property=\"og:title\" content=\"Politique de confidentialit\u00e9 | Jona-technology.com\" \/>\n<meta property=\"og:description\" content=\"V\u00fdroba, oprava a servis foriem do vibrolisov, strojov a zariaden\u00ed r\u00f4znych priemyseln\u00fdch odvetv\u00ed, opravy a renov\u00e1cia mechanick\u00fdch \u010dast\u00ed zariaden\u00ed.\" \/>\n<meta property=\"og:url\" content=\"https:\/\/old.jona-technology.sk\/fr\/politique-de-confidentialite\/\" \/>\n<meta property=\"og:site_name\" content=\"jona-technology.com\" \/>\n<meta property=\"article:modified_time\" content=\"2021-10-20T12:12:58+00:00\" \/>\n<meta name=\"twitter:card\" content=\"summary_large_image\" \/>\n<meta name=\"twitter:label1\" content=\"Dur\u00e9e de lecture estim\u00e9e\" \/>\n\t<meta name=\"twitter:data1\" content=\"11 minutes\" \/>\n<script type=\"application\/ld+json\" class=\"yoast-schema-graph\">{\"@context\":\"https:\/\/schema.org\",\"@graph\":[{\"@type\":\"WebPage\",\"@id\":\"https:\/\/old.jona-technology.sk\/fr\/politique-de-confidentialite\/\",\"url\":\"https:\/\/old.jona-technology.sk\/fr\/politique-de-confidentialite\/\",\"name\":\"Politique de confidentialit\u00e9 | Jona-technology.com\",\"isPartOf\":{\"@id\":\"https:\/\/old.jona-technology.sk\/#website\"},\"datePublished\":\"2021-07-12T11:40:12+00:00\",\"dateModified\":\"2021-10-20T12:12:58+00:00\",\"description\":\"V\u00fdroba, oprava a servis foriem do vibrolisov, strojov a zariaden\u00ed r\u00f4znych priemyseln\u00fdch odvetv\u00ed, opravy a renov\u00e1cia mechanick\u00fdch \u010dast\u00ed zariaden\u00ed.\",\"breadcrumb\":{\"@id\":\"https:\/\/old.jona-technology.sk\/fr\/politique-de-confidentialite\/#breadcrumb\"},\"inLanguage\":\"fr-FR\",\"potentialAction\":[{\"@type\":\"ReadAction\",\"target\":[\"https:\/\/old.jona-technology.sk\/fr\/politique-de-confidentialite\/\"]}]},{\"@type\":\"BreadcrumbList\",\"@id\":\"https:\/\/old.jona-technology.sk\/fr\/politique-de-confidentialite\/#breadcrumb\",\"itemListElement\":[{\"@type\":\"ListItem\",\"position\":1,\"name\":\"Domovsk\u00e1 str\u00e1nka\",\"item\":\"https:\/\/old.jona-technology.sk\/fr\/\"},{\"@type\":\"ListItem\",\"position\":2,\"name\":\"Politique de confidentialit\u00e9\"}]},{\"@type\":\"WebSite\",\"@id\":\"https:\/\/old.jona-technology.sk\/#website\",\"url\":\"https:\/\/old.jona-technology.sk\/\",\"name\":\"jona-technology.com\",\"description\":\"\",\"publisher\":{\"@id\":\"https:\/\/old.jona-technology.sk\/#organization\"},\"potentialAction\":[{\"@type\":\"SearchAction\",\"target\":{\"@type\":\"EntryPoint\",\"urlTemplate\":\"https:\/\/old.jona-technology.sk\/?s={search_term_string}\"},\"query-input\":\"required name=search_term_string\"}],\"inLanguage\":\"fr-FR\"},{\"@type\":\"Organization\",\"@id\":\"https:\/\/old.jona-technology.sk\/#organization\",\"name\":\"jona-technology.com\",\"url\":\"https:\/\/old.jona-technology.sk\/\",\"logo\":{\"@type\":\"ImageObject\",\"inLanguage\":\"fr-FR\",\"@id\":\"https:\/\/old.jona-technology.sk\/#\/schema\/logo\/image\/\",\"url\":\"https:\/\/old.jona-technology.sk\/wp-content\/uploads\/2021\/06\/Group-11.svg\",\"contentUrl\":\"https:\/\/old.jona-technology.sk\/wp-content\/uploads\/2021\/06\/Group-11.svg\",\"width\":109,\"height\":30,\"caption\":\"jona-technology.com\"},\"image\":{\"@id\":\"https:\/\/old.jona-technology.sk\/#\/schema\/logo\/image\/\"}}]}<\/script>\n<!-- \/ Yoast SEO plugin. -->","yoast_head_json":{"title":"Politique de confidentialit\u00e9 | Jona-technology.com","description":"V\u00fdroba, oprava a servis foriem do vibrolisov, strojov a zariaden\u00ed r\u00f4znych priemyseln\u00fdch odvetv\u00ed, opravy a renov\u00e1cia mechanick\u00fdch \u010dast\u00ed zariaden\u00ed.","robots":{"index":"index","follow":"follow","max-snippet":"max-snippet:-1","max-image-preview":"max-image-preview:large","max-video-preview":"max-video-preview:-1"},"canonical":"https:\/\/old.jona-technology.sk\/fr\/politique-de-confidentialite\/","og_locale":"fr_FR","og_type":"article","og_title":"Politique de confidentialit\u00e9 | Jona-technology.com","og_description":"V\u00fdroba, oprava a servis foriem do vibrolisov, strojov a zariaden\u00ed r\u00f4znych priemyseln\u00fdch odvetv\u00ed, opravy a renov\u00e1cia mechanick\u00fdch \u010dast\u00ed zariaden\u00ed.","og_url":"https:\/\/old.jona-technology.sk\/fr\/politique-de-confidentialite\/","og_site_name":"jona-technology.com","article_modified_time":"2021-10-20T12:12:58+00:00","twitter_card":"summary_large_image","twitter_misc":{"Dur\u00e9e de lecture estim\u00e9e":"11 minutes"},"schema":{"@context":"https:\/\/schema.org","@graph":[{"@type":"WebPage","@id":"https:\/\/old.jona-technology.sk\/fr\/politique-de-confidentialite\/","url":"https:\/\/old.jona-technology.sk\/fr\/politique-de-confidentialite\/","name":"Politique de confidentialit\u00e9 | Jona-technology.com","isPartOf":{"@id":"https:\/\/old.jona-technology.sk\/#website"},"datePublished":"2021-07-12T11:40:12+00:00","dateModified":"2021-10-20T12:12:58+00:00","description":"V\u00fdroba, oprava a servis foriem do vibrolisov, strojov a zariaden\u00ed r\u00f4znych priemyseln\u00fdch odvetv\u00ed, opravy a renov\u00e1cia mechanick\u00fdch \u010dast\u00ed zariaden\u00ed.","breadcrumb":{"@id":"https:\/\/old.jona-technology.sk\/fr\/politique-de-confidentialite\/#breadcrumb"},"inLanguage":"fr-FR","potentialAction":[{"@type":"ReadAction","target":["https:\/\/old.jona-technology.sk\/fr\/politique-de-confidentialite\/"]}]},{"@type":"BreadcrumbList","@id":"https:\/\/old.jona-technology.sk\/fr\/politique-de-confidentialite\/#breadcrumb","itemListElement":[{"@type":"ListItem","position":1,"name":"Domovsk\u00e1 str\u00e1nka","item":"https:\/\/old.jona-technology.sk\/fr\/"},{"@type":"ListItem","position":2,"name":"Politique de confidentialit\u00e9"}]},{"@type":"WebSite","@id":"https:\/\/old.jona-technology.sk\/#website","url":"https:\/\/old.jona-technology.sk\/","name":"jona-technology.com","description":"","publisher":{"@id":"https:\/\/old.jona-technology.sk\/#organization"},"potentialAction":[{"@type":"SearchAction","target":{"@type":"EntryPoint","urlTemplate":"https:\/\/old.jona-technology.sk\/?s={search_term_string}"},"query-input":"required name=search_term_string"}],"inLanguage":"fr-FR"},{"@type":"Organization","@id":"https:\/\/old.jona-technology.sk\/#organization","name":"jona-technology.com","url":"https:\/\/old.jona-technology.sk\/","logo":{"@type":"ImageObject","inLanguage":"fr-FR","@id":"https:\/\/old.jona-technology.sk\/#\/schema\/logo\/image\/","url":"https:\/\/old.jona-technology.sk\/wp-content\/uploads\/2021\/06\/Group-11.svg","contentUrl":"https:\/\/old.jona-technology.sk\/wp-content\/uploads\/2021\/06\/Group-11.svg","width":109,"height":30,"caption":"jona-technology.com"},"image":{"@id":"https:\/\/old.jona-technology.sk\/#\/schema\/logo\/image\/"}}]}},"_links":{"self":[{"href":"https:\/\/old.jona-technology.sk\/fr\/wp-json\/wp\/v2\/pages\/6982","targetHints":{"allow":["GET"]}}],"collection":[{"href":"https:\/\/old.jona-technology.sk\/fr\/wp-json\/wp\/v2\/pages"}],"about":[{"href":"https:\/\/old.jona-technology.sk\/fr\/wp-json\/wp\/v2\/types\/page"}],"author":[{"embeddable":true,"href":"https:\/\/old.jona-technology.sk\/fr\/wp-json\/wp\/v2\/users\/2"}],"replies":[{"embeddable":true,"href":"https:\/\/old.jona-technology.sk\/fr\/wp-json\/wp\/v2\/comments?post=6982"}],"version-history":[{"count":5,"href":"https:\/\/old.jona-technology.sk\/fr\/wp-json\/wp\/v2\/pages\/6982\/revisions"}],"predecessor-version":[{"id":7302,"href":"https:\/\/old.jona-technology.sk\/fr\/wp-json\/wp\/v2\/pages\/6982\/revisions\/7302"}],"wp:attachment":[{"href":"https:\/\/old.jona-technology.sk\/fr\/wp-json\/wp\/v2\/media?parent=6982"}],"curies":[{"name":"wp","href":"https:\/\/api.w.org\/{rel}","templated":true}]}}